{"id":8314,"date":"2024-01-23T14:31:06","date_gmt":"2024-01-23T19:31:06","guid":{"rendered":"https:\/\/ebenezermuebles.com\/?post_type=product&#038;p=8314"},"modified":"2026-03-13T12:50:55","modified_gmt":"2026-03-13T17:50:55","slug":"comedor-vigo","status":"publish","type":"product","link":"https:\/\/ebenezermuebles.com\/?product=comedor-vigo","title":{"rendered":"Comedor Vigo"},"content":{"rendered":"","protected":false},"excerpt":{"rendered":"<p><span style=\"font-size: 120%;\"><em><strong> Su presencia amplifica la sensaci\u00f3n de amplitud y confort, redefiniendo la atm\u00f3sfera del hogar con un aire de distinci\u00f3n.<\/strong><\/em><\/span><\/p>\n<p>&nbsp;<\/p>\n<p>&nbsp;<\/p>\n<p>&nbsp;<\/p>\n<p><span style=\"font-size: 90%;\">Referencia Silla: M\u00e9rida.<\/span><\/p>\n<ul style=\"list-style-type: square;\">\n<li><span style=\"font-size: 90%;\">Material tapa mesa: Madera enchapada.<\/span><\/li>\n<li><span style=\"font-size: 90%;\">Material base mesa: Madera enchapada.<\/span><\/li>\n<li><span style=\"font-size: 90%;\">Medida mesa: 120cm X 90cm.<\/span><\/li>\n<li><span style=\"font-size: 90%;\">Dimensi\u00f3n: 4 puestos.<\/span><\/li>\n<li><span style=\"font-size: 90%;\">Color: Nogal. Natural<\/span><\/li>\n<\/ul>\n","protected":false},"featured_media":20733,"template":"","meta":[],"product_brand":[],"product_cat":[138],"product_tag":[156],"class_list":{"0":"post-8314","1":"product","2":"type-product","3":"status-publish","4":"has-post-thumbnail","6":"product_cat-comedores","7":"product_tag-2-2","8":"pa_color-tela-acero","9":"pa_color-tela-beige","10":"pa_color-tela-madera","11":"pa_color-tela-mostaza","12":"pa_color-cuero-aviador-verde","13":"pa_color-cuero-brillant-bourdeaux","14":"pa_color-cuero-perla-antique","15":"pa_color-cuero-taupe","16":"pa_color-cuero-wax-cobrizado","17":"pa_color-cuero-wax-nogal","19":"first","20":"instock","21":"purchasable","22":"product-type-variable"},"yoast_head":"<!-- This site is optimized with the Yoast SEO plugin v26.7 - https:\/\/yoast.com\/wordpress\/plugins\/seo\/ -->\n<title>Comedor Vigo | Ebenezer Muebles<\/title>\n<meta name=\"robots\" content=\"index, follow, max-snippet:-1, max-image-preview:large, max-video-preview:-1\" \/>\n<link rel=\"canonical\" href=\"https:\/\/ebenezermuebles.com\/?product=comedor-vigo\" \/>\n<meta property=\"og:locale\" content=\"es_ES\" \/>\n<meta property=\"og:type\" content=\"article\" \/>\n<meta property=\"og:title\" content=\"Comedor Vigo | Ebenezer Muebles\" \/>\n<meta property=\"og:description\" content=\"Su presencia amplifica la sensaci\u00f3n de amplitud y confort, redefiniendo la atm\u00f3sfera del hogar con un aire de distinci\u00f3n.  &nbsp;  &nbsp;  &nbsp;  Referencia Silla: M\u00e9rida.   Material tapa mesa: Madera enchapada.  Material base mesa: Madera enchapada.  Medida mesa: 120cm X 90cm.  Dimensi\u00f3n: 4 puestos.  Color: Nogal. Natural\" \/>\n<meta property=\"og:url\" content=\"https:\/\/ebenezermuebles.com\/?product=comedor-vigo\" \/>\n<meta property=\"og:site_name\" content=\"Ebenezer Muebles\" \/>\n<meta property=\"article:publisher\" content=\"https:\/\/www.facebook.com\/sofasebenezer\/\" \/>\n<meta property=\"article:modified_time\" content=\"2026-03-13T17:50:55+00:00\" \/>\n<meta property=\"og:image\" content=\"https:\/\/ebenezermuebles.com\/wp-content\/uploads\/2024\/01\/VIGO-6.png\" \/>\n\t<meta property=\"og:image:width\" content=\"1000\" \/>\n\t<meta property=\"og:image:height\" content=\"1000\" \/>\n\t<meta property=\"og:image:type\" content=\"image\/png\" \/>\n<meta name=\"twitter:card\" content=\"summary_large_image\" \/>\n<meta name=\"twitter:label1\" content=\"Tiempo de lectura\" \/>\n\t<meta name=\"twitter:data1\" content=\"1 minuto\" \/>\n<script type=\"application\/ld+json\" class=\"yoast-schema-graph\">{\"@context\":\"https:\/\/schema.org\",\"@graph\":[{\"@type\":\"WebPage\",\"@id\":\"https:\/\/ebenezermuebles.com\/?product=comedor-vigo\",\"url\":\"https:\/\/ebenezermuebles.com\/?product=comedor-vigo\",\"name\":\"Comedor Vigo | Ebenezer Muebles\",\"isPartOf\":{\"@id\":\"https:\/\/ebenezermuebles.com\/#website\"},\"primaryImageOfPage\":{\"@id\":\"https:\/\/ebenezermuebles.com\/?product=comedor-vigo#primaryimage\"},\"image\":{\"@id\":\"https:\/\/ebenezermuebles.com\/?product=comedor-vigo#primaryimage\"},\"thumbnailUrl\":\"https:\/\/ebenezermuebles.com\/wp-content\/uploads\/2024\/01\/VIGO-6.png\",\"datePublished\":\"2024-01-23T19:31:06+00:00\",\"dateModified\":\"2026-03-13T17:50:55+00:00\",\"breadcrumb\":{\"@id\":\"https:\/\/ebenezermuebles.com\/?product=comedor-vigo#breadcrumb\"},\"inLanguage\":\"es\",\"potentialAction\":[{\"@type\":\"ReadAction\",\"target\":[\"https:\/\/ebenezermuebles.com\/?product=comedor-vigo\"]}]},{\"@type\":\"ImageObject\",\"inLanguage\":\"es\",\"@id\":\"https:\/\/ebenezermuebles.com\/?product=comedor-vigo#primaryimage\",\"url\":\"https:\/\/ebenezermuebles.com\/wp-content\/uploads\/2024\/01\/VIGO-6.png\",\"contentUrl\":\"https:\/\/ebenezermuebles.com\/wp-content\/uploads\/2024\/01\/VIGO-6.png\",\"width\":1000,\"height\":1000},{\"@type\":\"BreadcrumbList\",\"@id\":\"https:\/\/ebenezermuebles.com\/?product=comedor-vigo#breadcrumb\",\"itemListElement\":[{\"@type\":\"ListItem\",\"position\":1,\"name\":\"Portada\",\"item\":\"https:\/\/ebenezermuebles.com\/\"},{\"@type\":\"ListItem\",\"position\":2,\"name\":\"Tienda Virtual\",\"item\":\"https:\/\/ebenezermuebles.com\/?page_id=60\"},{\"@type\":\"ListItem\",\"position\":3,\"name\":\"Comedor Vigo\"}]},{\"@type\":\"WebSite\",\"@id\":\"https:\/\/ebenezermuebles.com\/#website\",\"url\":\"https:\/\/ebenezermuebles.com\/\",\"name\":\"Ebenezer Muebles\",\"description\":\"Fabrica de muebles\",\"publisher\":{\"@id\":\"https:\/\/ebenezermuebles.com\/#organization\"},\"potentialAction\":[{\"@type\":\"SearchAction\",\"target\":{\"@type\":\"EntryPoint\",\"urlTemplate\":\"https:\/\/ebenezermuebles.com\/?s={search_term_string}\"},\"query-input\":{\"@type\":\"PropertyValueSpecification\",\"valueRequired\":true,\"valueName\":\"search_term_string\"}}],\"inLanguage\":\"es\"},{\"@type\":\"Organization\",\"@id\":\"https:\/\/ebenezermuebles.com\/#organization\",\"name\":\"Ebenezer Muebles\",\"url\":\"https:\/\/ebenezermuebles.com\/\",\"logo\":{\"@type\":\"ImageObject\",\"inLanguage\":\"es\",\"@id\":\"https:\/\/ebenezermuebles.com\/#\/schema\/logo\/image\/\",\"url\":\"https:\/\/ebenezermuebles.com\/wp-content\/uploads\/2024\/03\/logo-650.650.png\",\"contentUrl\":\"https:\/\/ebenezermuebles.com\/wp-content\/uploads\/2024\/03\/logo-650.650.png\",\"width\":650,\"height\":650,\"caption\":\"Ebenezer Muebles\"},\"image\":{\"@id\":\"https:\/\/ebenezermuebles.com\/#\/schema\/logo\/image\/\"},\"sameAs\":[\"https:\/\/www.facebook.com\/sofasebenezer\/\",\"https:\/\/www.instagram.com\/sofasebenezer\/\"]}]}<\/script>\n<!-- \/ Yoast SEO plugin. -->","yoast_head_json":{"title":"Comedor Vigo | Ebenezer Muebles","robots":{"index":"index","follow":"follow","max-snippet":"max-snippet:-1","max-image-preview":"max-image-preview:large","max-video-preview":"max-video-preview:-1"},"canonical":"https:\/\/ebenezermuebles.com\/?product=comedor-vigo","og_locale":"es_ES","og_type":"article","og_title":"Comedor Vigo | Ebenezer Muebles","og_description":"Su presencia amplifica la sensaci\u00f3n de amplitud y confort, redefiniendo la atm\u00f3sfera del hogar con un aire de distinci\u00f3n.  &nbsp;  &nbsp;  &nbsp;  Referencia Silla: M\u00e9rida.   Material tapa mesa: Madera enchapada.  Material base mesa: Madera enchapada.  Medida mesa: 120cm X 90cm.  Dimensi\u00f3n: 4 puestos.  Color: Nogal. Natural","og_url":"https:\/\/ebenezermuebles.com\/?product=comedor-vigo","og_site_name":"Ebenezer Muebles","article_publisher":"https:\/\/www.facebook.com\/sofasebenezer\/","article_modified_time":"2026-03-13T17:50:55+00:00","og_image":[{"width":1000,"height":1000,"url":"https:\/\/ebenezermuebles.com\/wp-content\/uploads\/2024\/01\/VIGO-6.png","type":"image\/png"}],"twitter_card":"summary_large_image","twitter_misc":{"Tiempo de lectura":"1 minuto"},"schema":{"@context":"https:\/\/schema.org","@graph":[{"@type":"WebPage","@id":"https:\/\/ebenezermuebles.com\/?product=comedor-vigo","url":"https:\/\/ebenezermuebles.com\/?product=comedor-vigo","name":"Comedor Vigo | Ebenezer Muebles","isPartOf":{"@id":"https:\/\/ebenezermuebles.com\/#website"},"primaryImageOfPage":{"@id":"https:\/\/ebenezermuebles.com\/?product=comedor-vigo#primaryimage"},"image":{"@id":"https:\/\/ebenezermuebles.com\/?product=comedor-vigo#primaryimage"},"thumbnailUrl":"https:\/\/ebenezermuebles.com\/wp-content\/uploads\/2024\/01\/VIGO-6.png","datePublished":"2024-01-23T19:31:06+00:00","dateModified":"2026-03-13T17:50:55+00:00","breadcrumb":{"@id":"https:\/\/ebenezermuebles.com\/?product=comedor-vigo#breadcrumb"},"inLanguage":"es","potentialAction":[{"@type":"ReadAction","target":["https:\/\/ebenezermuebles.com\/?product=comedor-vigo"]}]},{"@type":"ImageObject","inLanguage":"es","@id":"https:\/\/ebenezermuebles.com\/?product=comedor-vigo#primaryimage","url":"https:\/\/ebenezermuebles.com\/wp-content\/uploads\/2024\/01\/VIGO-6.png","contentUrl":"https:\/\/ebenezermuebles.com\/wp-content\/uploads\/2024\/01\/VIGO-6.png","width":1000,"height":1000},{"@type":"BreadcrumbList","@id":"https:\/\/ebenezermuebles.com\/?product=comedor-vigo#breadcrumb","itemListElement":[{"@type":"ListItem","position":1,"name":"Portada","item":"https:\/\/ebenezermuebles.com\/"},{"@type":"ListItem","position":2,"name":"Tienda Virtual","item":"https:\/\/ebenezermuebles.com\/?page_id=60"},{"@type":"ListItem","position":3,"name":"Comedor Vigo"}]},{"@type":"WebSite","@id":"https:\/\/ebenezermuebles.com\/#website","url":"https:\/\/ebenezermuebles.com\/","name":"Ebenezer Muebles","description":"Fabrica de muebles","publisher":{"@id":"https:\/\/ebenezermuebles.com\/#organization"},"potentialAction":[{"@type":"SearchAction","target":{"@type":"EntryPoint","urlTemplate":"https:\/\/ebenezermuebles.com\/?s={search_term_string}"},"query-input":{"@type":"PropertyValueSpecification","valueRequired":true,"valueName":"search_term_string"}}],"inLanguage":"es"},{"@type":"Organization","@id":"https:\/\/ebenezermuebles.com\/#organization","name":"Ebenezer Muebles","url":"https:\/\/ebenezermuebles.com\/","logo":{"@type":"ImageObject","inLanguage":"es","@id":"https:\/\/ebenezermuebles.com\/#\/schema\/logo\/image\/","url":"https:\/\/ebenezermuebles.com\/wp-content\/uploads\/2024\/03\/logo-650.650.png","contentUrl":"https:\/\/ebenezermuebles.com\/wp-content\/uploads\/2024\/03\/logo-650.650.png","width":650,"height":650,"caption":"Ebenezer Muebles"},"image":{"@id":"https:\/\/ebenezermuebles.com\/#\/schema\/logo\/image\/"},"sameAs":["https:\/\/www.facebook.com\/sofasebenezer\/","https:\/\/www.instagram.com\/sofasebenezer\/"]}]}},"_links":{"self":[{"href":"https:\/\/ebenezermuebles.com\/index.php?rest_route=\/wp\/v2\/product\/8314","targetHints":{"allow":["GET"]}}],"collection":[{"href":"https:\/\/ebenezermuebles.com\/index.php?rest_route=\/wp\/v2\/product"}],"about":[{"href":"https:\/\/ebenezermuebles.com\/index.php?rest_route=\/wp\/v2\/types\/product"}],"wp:featuredmedia":[{"embeddable":true,"href":"https:\/\/ebenezermuebles.com\/index.php?rest_route=\/wp\/v2\/media\/20733"}],"wp:attachment":[{"href":"https:\/\/ebenezermuebles.com\/index.php?rest_route=%2Fwp%2Fv2%2Fmedia&parent=8314"}],"wp:term":[{"taxonomy":"product_brand","embeddable":true,"href":"https:\/\/ebenezermuebles.com\/index.php?rest_route=%2Fwp%2Fv2%2Fproduct_brand&post=8314"},{"taxonomy":"product_cat","embeddable":true,"href":"https:\/\/ebenezermuebles.com\/index.php?rest_route=%2Fwp%2Fv2%2Fproduct_cat&post=8314"},{"taxonomy":"product_tag","embeddable":true,"href":"https:\/\/ebenezermuebles.com\/index.php?rest_route=%2Fwp%2Fv2%2Fproduct_tag&post=8314"}],"curies":[{"name":"wp","href":"https:\/\/api.w.org\/{rel}","templated":true}]}}